{"version":"1.0","provider_name":"Laval Party","provider_url":"https:\/\/partilaval.com\/en","author_name":"Tommy Vall\u00e9e","author_url":"https:\/\/partilaval.com\/en\/author\/tommy\/","title":"Une rue pour tous\u00a0: un plan d\u2019action d\u00e9ficient - Parti Laval","type":"rich","width":600,"height":338,"html":"<blockquote class=\"wp-embedded-content\" data-secret=\"IgBRsy8oCl\"><a href=\"https:\/\/partilaval.com\/en\/une-rue-pour-tous-un-plan-daction-deficient\/\">Une rue pour tous: a flawed action plan<\/a><\/blockquote><iframe sandbox=\"allow-scripts\" security=\"restricted\" src=\"https:\/\/partilaval.com\/en\/une-rue-pour-tous-un-plan-daction-deficient\/embed\/#?secret=IgBRsy8oCl\" width=\"600\" height=\"338\" title=\"&quot;Une rue pour tous : un plan d&#039;action d\u00e9ficient&quot; - Parti Laval\" data-secret=\"IgBRsy8oCl\" frameborder=\"0\" marginwidth=\"0\" marginheight=\"0\" scrolling=\"no\" class=\"wp-embedded-content\"><\/iframe><script type=\"text\/javascript\">\n\/* <![CDATA[ *\/\n\/*! This file is auto-generated *\/\n!function(d,l){\"use strict\";l.querySelector&&d.addEventListener&&\"undefined\"!=typeof URL&&(d.wp=d.wp||{},d.wp.receiveEmbedMessage||(d.wp.receiveEmbedMessage=function(e){var t=e.data;if((t||t.secret||t.message||t.value)&&!\/[^a-zA-Z0-9]\/.test(t.secret)){for(var s,r,n,a=l.querySelectorAll('iframe[data-secret=\"'+t.secret+'\"]'),o=l.querySelectorAll('blockquote[data-secret=\"'+t.secret+'\"]'),c=new RegExp(\"^https?:$\",\"i\"),i=0;i<o.length;i++)o[i].style.display=\"none\";for(i=0;i<a.length;i++)s=a[i],e.source===s.contentWindow&&(s.removeAttribute(\"style\"),\"height\"===t.message?(1e3<(r=parseInt(t.value,10))?r=1e3:~~r<200&&(r=200),s.height=r):\"link\"===t.message&&(r=new URL(s.getAttribute(\"src\")),n=new URL(t.value),c.test(n.protocol))&&n.host===r.host&&l.activeElement===s&&(d.top.location.href=t.value))}},d.addEventListener(\"message\",d.wp.receiveEmbedMessage,!1),l.addEventListener(\"DOMContentLoaded\",function(){for(var e,t,s=l.querySelectorAll(\"iframe.wp-embedded-content\"),r=0;r<s.length;r++)(t=(e=s[r]).getAttribute(\"data-secret\"))||(t=Math.random().toString(36).substring(2,12),e.src+=\"#?secret=\"+t,e.setAttribute(\"data-secret\",t)),e.contentWindow.postMessage({message:\"ready\",secret:t},\"*\")},!1)))}(window,document);\n\/\/# sourceURL=https:\/\/partilaval.com\/wp-includes\/js\/wp-embed.min.js\n\/* ]]> *\/\n<\/script>","thumbnail_url":"https:\/\/partilaval.com\/wp-content\/uploads\/2024\/01\/road-vegetation-cloudy-day-1024x682.jpg","thumbnail_width":1024,"thumbnail_height":682,"description":"\u00ab Ce que le maire Boyer pr\u00e9sente, ce n\u2019est pas un plan pour la s\u00e9curit\u00e9, c\u2019est un programme de remplacement de panneaux de signalisation! \u00bb &#8211; Claude Larochelle, chef par int\u00e9rim de Parti Laval Laval, le mercredi 26 avril 2023 \u2013 Apr\u00e8s des mois d\u2019attente, l\u2019administration Boyer pr\u00e9sente finalement son plan pour am\u00e9liorer la s\u00e9curit\u00e9 [&hellip;]"}